{"id":9520,"date":"2021-06-06T01:36:24","date_gmt":"2021-06-06T04:36:24","guid":{"rendered":"https:\/\/www.geoperito.com.br\/geoperito\/ead\/?post_type=product&#038;p=9520"},"modified":"2026-01-31T15:34:49","modified_gmt":"2026-01-31T18:34:49","slug":"reflexao-do-perito-sobre-a-area-ambiental","status":"publish","type":"product","link":"https:\/\/www.geoperito.com.br\/geoperito\/ead\/produto\/reflexao-do-perito-sobre-a-area-ambiental\/","title":{"rendered":"Reflex\u00e3o do perito sobre a \u00e1rea ambiental"},"content":{"rendered":"<h2>Conte\u00fado Gratuito:<\/h2>\n<p><img fetchpriority=\"high\" decoding=\"async\" class=\"aligncenter wp-image-19845 size-full\" src=\"https:\/\/www.geoperito.com.br\/geoperito\/ead\/wp-content\/uploads\/2021\/10\/premium.png\" alt=\"\" width=\"958\" height=\"539\" srcset=\"https:\/\/www.geoperito.com.br\/geoperito\/ead\/wp-content\/uploads\/2021\/10\/premium.png 958w, https:\/\/www.geoperito.com.br\/geoperito\/ead\/wp-content\/uploads\/2021\/10\/premium-300x169.png 300w, https:\/\/www.geoperito.com.br\/geoperito\/ead\/wp-content\/uploads\/2021\/10\/premium-768x432.png 768w, https:\/\/www.geoperito.com.br\/geoperito\/ead\/wp-content\/uploads\/2021\/10\/premium-520x293.png 520w, https:\/\/www.geoperito.com.br\/geoperito\/ead\/wp-content\/uploads\/2021\/10\/premium-740x416.png 740w\" sizes=\"(max-width: 958px) 100vw, 958px\" \/><\/p>\n<p>&nbsp;<\/p>\n<p>&nbsp;<\/p>\n<p style=\"text-align: center;\"><span style=\"font-size: 12pt;\"><strong><em>Reflex\u00e3o do perito sobre a \u00e1rea ambiental\u00a0<\/em><\/strong><strong><em> por Cl\u00e1udio D\u00b4Assun\u00e7\u00e3o Ferreira.\u00a0<\/em><\/strong><\/span><\/p>\n<p style=\"text-align: center;\"><strong><em>Formato \u00e1udio: 17:48<\/em><\/strong><\/p>\n<p>Abordagem de forma sintetizada sobre os seguintes temas:<img decoding=\"async\" class=\"wp-image-19850  alignright\" src=\"https:\/\/www.geoperito.com.br\/geoperito\/ead\/wp-content\/uploads\/2023\/05\/trt-300x168.png\" alt=\"\" width=\"366\" height=\"205\" srcset=\"https:\/\/www.geoperito.com.br\/geoperito\/ead\/wp-content\/uploads\/2023\/05\/trt-300x168.png 300w, https:\/\/www.geoperito.com.br\/geoperito\/ead\/wp-content\/uploads\/2023\/05\/trt-768x430.png 768w, https:\/\/www.geoperito.com.br\/geoperito\/ead\/wp-content\/uploads\/2023\/05\/trt-520x291.png 520w, https:\/\/www.geoperito.com.br\/geoperito\/ead\/wp-content\/uploads\/2023\/05\/trt-740x415.png 740w, https:\/\/www.geoperito.com.br\/geoperito\/ead\/wp-content\/uploads\/2023\/05\/trt.png 958w\" sizes=\"(max-width: 366px) 100vw, 366px\" \/><\/p>\n<ul>\n<li>O papel do perito na elucida\u00e7\u00e3o de crimes ambientais;<\/li>\n<li>Os impactos ambientais e a estimativa de custos.<\/li>\n<li>Crimes contra o meio ambiente;<\/li>\n<li>A import\u00e2ncia dos laudo pericial na determina\u00e7\u00e3o das penas cab\u00edveis ao infrator;<\/li>\n<li>Metodologia sobre danos ambientais;<\/li>\n<li>T\u00e9cnicas de investiga\u00e7\u00e3o;<\/li>\n<\/ul>\n<p style=\"text-align: justify;\"><img decoding=\"async\" class=\"\" src=\"https:\/\/www.geoperito.com.br\/geoperito\/ead\/wp-content\/uploads\/2019\/02\/0001-389718323-300x300.png\" alt=\"\" width=\"216\" height=\"216\" \/><\/p>\n<h6><b>Geoperito &#8211; Solu\u00e7\u00f5es Ambientais<\/b><br \/>\n<a title=\"Link: http:\/\/www.geoperito.com.br\/\" href=\"http:\/\/www.geoperito.com.br\/\" target=\"\" rel=\"noopener noreferrer\">www.geoperito.com.br<\/a><br \/>\n<a title=\"Link: https:\/\/www.geoperito.com.br\/ead\/\" href=\"http:\/\/www.geoperito.com.br\/geoperito\/ead\/\" target=\"\" rel=\"noopener noreferrer\">www.geoperito.com.br\/geoperito\/ead\/<\/a><br \/>\nEmail: geoperito1@geoperito.com.br<br \/>\nContato: (31) 993369149<\/h6>\n","protected":false},"excerpt":{"rendered":"<p>Conte\u00fado Gratuito: &nbsp; &nbsp; Reflex\u00e3o do perito sobre a \u00e1rea ambiental\u00a0 por Cl\u00e1udio D\u00b4Assun\u00e7\u00e3o Ferreira.\u00a0 Formato \u00e1udio: 17:48 Abordagem de forma sintetizada sobre os seguintes temas: O papel do perito na elucida\u00e7\u00e3o de crimes ambientais;<a class=\"read-more\" href=\"https:\/\/www.geoperito.com.br\/geoperito\/ead\/produto\/reflexao-do-perito-sobre-a-area-ambiental\/\">Continue reading<\/a><\/p>\n","protected":false},"featured_media":17189,"template":"","meta":[],"product_brand":[],"product_cat":[15],"product_tag":[],"class_list":{"0":"post-9520","1":"product","2":"type-product","3":"status-publish","4":"has-post-thumbnail","6":"product_cat-curso-de-pericia","8":"first","9":"instock","10":"featured","11":"shipping-taxable","12":"product-type-external"},"_links":{"self":[{"href":"https:\/\/www.geoperito.com.br\/geoperito\/ead\/wp-json\/wp\/v2\/product\/9520","targetHints":{"allow":["GET"]}}],"collection":[{"href":"https:\/\/www.geoperito.com.br\/geoperito\/ead\/wp-json\/wp\/v2\/product"}],"about":[{"href":"https:\/\/www.geoperito.com.br\/geoperito\/ead\/wp-json\/wp\/v2\/types\/product"}],"version-history":[{"count":0,"href":"https:\/\/www.geoperito.com.br\/geoperito\/ead\/wp-json\/wp\/v2\/product\/9520\/revisions"}],"wp:featuredmedia":[{"embeddable":true,"href":"https:\/\/www.geoperito.com.br\/geoperito\/ead\/wp-json\/wp\/v2\/media\/17189"}],"wp:attachment":[{"href":"https:\/\/www.geoperito.com.br\/geoperito\/ead\/wp-json\/wp\/v2\/media?parent=9520"}],"wp:term":[{"taxonomy":"product_brand","embeddable":true,"href":"https:\/\/www.geoperito.com.br\/geoperito\/ead\/wp-json\/wp\/v2\/product_brand?post=9520"},{"taxonomy":"product_cat","embeddable":true,"href":"https:\/\/www.geoperito.com.br\/geoperito\/ead\/wp-json\/wp\/v2\/product_cat?post=9520"},{"taxonomy":"product_tag","embeddable":true,"href":"https:\/\/www.geoperito.com.br\/geoperito\/ead\/wp-json\/wp\/v2\/product_tag?post=9520"}],"curies":[{"name":"wp","href":"https:\/\/api.w.org\/{rel}","templated":true}]}}