{"id":8501,"date":"2021-02-28T01:31:27","date_gmt":"2021-02-28T04:31:27","guid":{"rendered":"https:\/\/www.geoperito.com.br\/geoperito\/ead\/?post_type=product&#038;p=8501"},"modified":"2023-09-12T12:25:49","modified_gmt":"2023-09-12T15:25:49","slug":"a-realidade-dicotomica-entre-o-bacharel-e-o-licenciado-em-geografia","status":"publish","type":"product","link":"https:\/\/www.geoperito.com.br\/geoperito\/ead\/produto\/a-realidade-dicotomica-entre-o-bacharel-e-o-licenciado-em-geografia\/","title":{"rendered":"A geografia &#8211; A din\u00e2mica e complexidade do mundo moderno, exigem pleno reconhecimento dos espa\u00e7os f\u00edsicos ocupados pelo homem e como a sua atua\u00e7\u00e3o influi na mudan\u00e7a das paisagens. Milton Santos, um dos ge\u00f3grafos de mais expressividade no Brasil, define a import\u00e2ncia dessa ci\u00eancia em poucas palavras: &#8220;O papel da Geografia \u00e9 explicar as rela\u00e7\u00f5es que se estabelecem, ao longo da Hist\u00f3ria, entre a Humanidade e o Planeta e a constitui\u00e7\u00e3o das paisagens e espa\u00e7os resultantes&#8221;."},"content":{"rendered":"<p><strong><span style=\"font-size: 36pt;\">GEOGRAFIA<img fetchpriority=\"high\" decoding=\"async\" class=\"aligncenter wp-image-5543 size-full\" src=\"https:\/\/www.geoperito.com.br\/geoperito\/ead\/wp-content\/uploads\/2020\/06\/ScreenShot_20200620161454_photo_x4_colored_toned.png\" alt=\"\" width=\"3800\" height=\"1872\" srcset=\"https:\/\/www.geoperito.com.br\/geoperito\/ead\/wp-content\/uploads\/2020\/06\/ScreenShot_20200620161454_photo_x4_colored_toned.png 3800w, https:\/\/www.geoperito.com.br\/geoperito\/ead\/wp-content\/uploads\/2020\/06\/ScreenShot_20200620161454_photo_x4_colored_toned-300x148.png 300w, https:\/\/www.geoperito.com.br\/geoperito\/ead\/wp-content\/uploads\/2020\/06\/ScreenShot_20200620161454_photo_x4_colored_toned-1024x504.png 1024w, https:\/\/www.geoperito.com.br\/geoperito\/ead\/wp-content\/uploads\/2020\/06\/ScreenShot_20200620161454_photo_x4_colored_toned-768x378.png 768w, https:\/\/www.geoperito.com.br\/geoperito\/ead\/wp-content\/uploads\/2020\/06\/ScreenShot_20200620161454_photo_x4_colored_toned-1536x757.png 1536w, https:\/\/www.geoperito.com.br\/geoperito\/ead\/wp-content\/uploads\/2020\/06\/ScreenShot_20200620161454_photo_x4_colored_toned-2048x1009.png 2048w, https:\/\/www.geoperito.com.br\/geoperito\/ead\/wp-content\/uploads\/2020\/06\/ScreenShot_20200620161454_photo_x4_colored_toned-520x256.png 520w, https:\/\/www.geoperito.com.br\/geoperito\/ead\/wp-content\/uploads\/2020\/06\/ScreenShot_20200620161454_photo_x4_colored_toned-740x365.png 740w\" sizes=\"(max-width: 3800px) 100vw, 3800px\" \/><\/span><\/strong><\/p>\n<p style=\"text-align: justify;\">Dos radicais gregos &#8220;geo&#8221; e &#8220;graphos&#8221;, que significam respectivamente terra e escrever, surgiu a palavra Geografia. Ela \u00e9 uma das mais antigas disciplinas acad\u00eamicas e, inicialmente, foi chamada de hist\u00f3ria natural ou filosofia natural. Teve seu in\u00edcio na Gr\u00e9cia antiga, terra de origem da filosofia e das ci\u00eancias humanas. Por\u00e9m, este estudo n\u00e3o teve muita import\u00e2ncia at\u00e9 o seu ressurgimento, durante o Renascimento e com os grandes exploradores dos s\u00e9culos XIV e XV. Desde ent\u00e3o, a Geografia foi se desenvolvendo at\u00e9 se tornar uma especialidade.<\/p>\n<p style=\"text-align: justify;\">No Brasil, a Geografia s\u00f3 passou a ser mat\u00e9ria das Institui\u00e7\u00f5es de Ensino Superior ap\u00f3s a Revolu\u00e7\u00e3o de 30. Nesta ocasi\u00e3o, foram criados os cursos superiores de Geografia e Hist\u00f3ria, nas faculdades de Filosofia e tamb\u00e9m nos cursos de Administra\u00e7\u00e3o e Finan\u00e7as. Atualmente, a Geografia \u00e9 uma ci\u00eancia e um instrumento de extrema import\u00e2ncia para toda a sociedade.<\/p>\n<p style=\"text-align: justify;\">A din\u00e2mica e complexidade do mundo moderno, exigem pleno reconhecimento dos espa\u00e7os f\u00edsicos ocupados pelo homem e como a sua atua\u00e7\u00e3o influi na mudan\u00e7a das paisagens. Milton Santos, um dos ge\u00f3grafos de mais expressividade no Brasil, define a import\u00e2ncia dessa ci\u00eancia em poucas palavras: &#8220;O papel da Geografia \u00e9 explicar as rela\u00e7\u00f5es que se estabelecem, ao longo da Hist\u00f3ria, entre a Humanidade e o Planeta e a constitui\u00e7\u00e3o das paisagens e espa\u00e7os resultantes&#8221;.<\/p>\n<p style=\"text-align: justify;\">A Geografia \u00e9 a ci\u00eancia que estuda a rela\u00e7\u00e3o entre a sociedade e a Natureza, os processos de espacializa\u00e7\u00e3o da sociedade, e como os fen\u00f4menos naturais e sociais est\u00e3o distribu\u00eddos pela superf\u00edcie terrestre. A dicotomia discutida historicamente na Geografia, j\u00e1 est\u00e1 superada, onde defendemos que estudos, pesquisas e an\u00e1lises s\u00f3 s\u00e3o Geogr\u00e1ficas se houver uma vis\u00e3o dual dos fen\u00f4menos f\u00edsicos e sociais, pois estes est\u00e3o interligados e relacionados, a realidade n\u00e3o \u00e9 formada por elementos separados, como apregoavam as ci\u00eancias e os cientistas anteriores \u00e1 esta vis\u00e3o, mas sim complexa e possuindo v\u00e1rias rela\u00e7\u00f5es.<\/p>\n<p style=\"text-align: justify;\">Acreditamos que se um cientista, que se diz Ge\u00f3grafo, realizar apenas a an\u00e1lise humana e descartar os fen\u00f4menos f\u00edsicos, ou quando ocorrer o contr\u00e1rio, este n\u00e3o \u00e9 um Ge\u00f3grafo, pois a Geografia \u00e9 a rela\u00e7\u00e3o sociedade e natureza. Estes geralmente possuem uma vis\u00e3o limitada e doutrin\u00e1ria.<\/p>\n<p style=\"text-align: justify;\">Quando se dizem \u201cge\u00f3grafos humanos\u201d (usamos as aspas, pois n\u00e3o acreditamos em ge\u00f3grafos humanos e nem f\u00edsicos, mas sim em Ge\u00f3grafos), estes possuem a vis\u00e3o bastante limitada e s\u00f3 conseguem observar seu ponto de vista, descartando totalmente a vis\u00e3o que lhe \u00e9 apresentada, e a Geografia f\u00edsica para eles n\u00e3o passa de um meio, de uma ci\u00eancia descritiva, onde muitos dizem que esta \u00e1rea n\u00e3o \u00e9 geografia.<\/p>\n<p style=\"text-align: justify;\">E quando se dizem \u201cGe\u00f3grafos f\u00edsicos\u201d, possuem uma vis\u00e3o mais fechada e tecnicista, onde n\u00e3o consegue observar as din\u00e2micas sociais que transformam o espa\u00e7o, assim em seus estudos acabam invadindo a \u00e1rea de outras ci\u00eancias. N\u00e3o estamos afirmando que para se fazer Geografia n\u00e3o se pode utilizar de outras ci\u00eancias, isto \u00e9 de extrema import\u00e2ncia, pois a realidade n\u00e3o \u00e9 estanque, mas n\u00e3o podemos se considerar ge\u00f3grafos APENAS analisando as composi\u00e7\u00f5es da atmosf\u00e9rica, da litosfera, da hidrosfera. \u00c9 l\u00f3gico que estas an\u00e1lises s\u00e3o necess\u00e1rias \u00e1 geografia e fazem parte dela, mas s\u00f3 eles n\u00e3o s\u00e3o Geografia. N\u00e3o existe cr\u00edtica sem apresenta\u00e7\u00e3o de propostas de solu\u00e7\u00f5es, quando isto ocorre n\u00e3o \u00e9 critica e sim ataques e tentativa de derrubar o pensamento alheio. A proposta de solu\u00e7\u00e3o deste problema \u00e9 que n\u00f3s, estudantes, cientistas, t\u00e9cnicos e professores (que s\u00e3o os formadores desta ci\u00eancia) primeiramente tenhamos uma forma\u00e7\u00e3o e vis\u00e3o global da geografia.<\/p>\n<p style=\"text-align: justify;\">Como conseguimos isso? Estudando com mesmo gosto as duas \u00e1reas, analisando e procurando entender a rela\u00e7\u00e3o que as duas possuem e dando valor \u00e1s duas \u00e1reas da geografia, a f\u00edsica e a humana, para depois nos concentrarmos e especializarmos em uma das \u00e1reas desta ci\u00eancia. Parece f\u00e1cil n\u00e3o \u00e9? Mas n\u00e3o existe conhecimento cient\u00edfico f\u00e1cil e mnem\u00f4nico (decoreba). Acreditamos que com esta vis\u00e3o da an\u00e1lise dual, passaremos a geografia para um novo patamar e ir\u00e1 evoluir, onde n\u00f3s, internos da geografia, come\u00e7aremos \u00e1 valoriz\u00e1-la (pois at\u00e9 mesmo n\u00f3s, estudantes, cientistas, t\u00e9cnicos e professores de geografia, n\u00e3o valorizamos nossa ci\u00eancia e at\u00e9 temos desprezo por ela, devemos ter desprezo por aqueles que \u00e1 destr\u00f3i), e s\u00f3 assim o mercado tamb\u00e9m n\u00f3s valorizar\u00e1, com nossa uni\u00e3o e articula\u00e7\u00e3o, pois hoje a geografia \u00e9 um Ci\u00eancia desorganizada e desarticulada.<\/p>\n<p style=\"text-align: justify;\">Esta proposta procura chegar mais pr\u00f3ximo aos novos ingressantes desta apaixonante ci\u00eancia (que ainda n\u00e3o formaram seu conceito do que \u00e9 geografia). E por que n\u00e3o tamb\u00e9m daqueles que n\u00e3o superaram ainda esta dicotomia e aqueles que insistem em deixar tudo separado, desorganizado e desarticulado, s\u00f3 pelo fato de n\u00e3o aceitaram nenhuma forma de uni\u00e3o na academia e na sociedade.<\/p>\n<p style=\"text-align: justify;\">N\u00e3o estamos apenas fazendo uma cr\u00edtica ferrenha e descartando trabalhos de muito Ge\u00f3grafos que s\u00e3o importantes \u00e1 geografia (apesar destes mesmos descartarem os trabalhos de seus antecessores, por acharem que estas pessoas, que est\u00e3o \u00e1 mais tempo fazendo geografia, n\u00e3o estavam fazendo Geografia), e sim estamos pedindo e propondo que os especialistas em uma dessas \u00e1reas (Geografia Humana ou\/e F\u00edsica) aceitem e concordem que os fen\u00f4menos f\u00edsicos e naturais est\u00e3o relacionados com os fen\u00f4menos humanos e sociais, e vice-versa. Acreditamos e pedimos \u00e1 todos que construam conosco uma Geografia dual, global e unificada!<\/p>\n<audio class=\"wp-audio-shortcode\" id=\"audio-8501-1\" autoplay preload=\"none\" style=\"width: 100%;\" controls=\"controls\"><source type=\"audio\/mpeg\" src=\"https:\/\/www.geoperito.com.br\/geoperito\/ead\/wp-content\/uploads\/2021\/02\/Geografia.mp3?_=1\" \/><a href=\"https:\/\/www.geoperito.com.br\/geoperito\/ead\/wp-content\/uploads\/2021\/02\/Geografia.mp3\">https:\/\/www.geoperito.com.br\/geoperito\/ead\/wp-content\/uploads\/2021\/02\/Geografia.mp3<\/a><\/audio>\n","protected":false},"excerpt":{"rendered":"<p>GEOGRAFIA Dos radicais gregos &#8220;geo&#8221; e &#8220;graphos&#8221;, que significam respectivamente terra e escrever, surgiu a palavra Geografia. Ela \u00e9 uma das mais antigas disciplinas acad\u00eamicas e, inicialmente, foi chamada de hist\u00f3ria natural ou filosofia natural.<a class=\"read-more\" href=\"https:\/\/www.geoperito.com.br\/geoperito\/ead\/produto\/a-realidade-dicotomica-entre-o-bacharel-e-o-licenciado-em-geografia\/\">Continue reading<\/a><\/p>\n","protected":false},"featured_media":5289,"template":"","meta":[],"product_brand":[],"product_cat":[15],"product_tag":[],"class_list":{"0":"post-8501","1":"product","2":"type-product","3":"status-publish","4":"has-post-thumbnail","6":"product_cat-curso-de-pericia","8":"first","9":"instock","10":"product-type-external"},"_links":{"self":[{"href":"https:\/\/www.geoperito.com.br\/geoperito\/ead\/wp-json\/wp\/v2\/product\/8501","targetHints":{"allow":["GET"]}}],"collection":[{"href":"https:\/\/www.geoperito.com.br\/geoperito\/ead\/wp-json\/wp\/v2\/product"}],"about":[{"href":"https:\/\/www.geoperito.com.br\/geoperito\/ead\/wp-json\/wp\/v2\/types\/product"}],"version-history":[{"count":0,"href":"https:\/\/www.geoperito.com.br\/geoperito\/ead\/wp-json\/wp\/v2\/product\/8501\/revisions"}],"wp:featuredmedia":[{"embeddable":true,"href":"https:\/\/www.geoperito.com.br\/geoperito\/ead\/wp-json\/wp\/v2\/media\/5289"}],"wp:attachment":[{"href":"https:\/\/www.geoperito.com.br\/geoperito\/ead\/wp-json\/wp\/v2\/media?parent=8501"}],"wp:term":[{"taxonomy":"product_brand","embeddable":true,"href":"https:\/\/www.geoperito.com.br\/geoperito\/ead\/wp-json\/wp\/v2\/product_brand?post=8501"},{"taxonomy":"product_cat","embeddable":true,"href":"https:\/\/www.geoperito.com.br\/geoperito\/ead\/wp-json\/wp\/v2\/product_cat?post=8501"},{"taxonomy":"product_tag","embeddable":true,"href":"https:\/\/www.geoperito.com.br\/geoperito\/ead\/wp-json\/wp\/v2\/product_tag?post=8501"}],"curies":[{"name":"wp","href":"https:\/\/api.w.org\/{rel}","templated":true}]}}