{"id":7632,"date":"2020-11-21T01:41:25","date_gmt":"2020-11-21T04:41:25","guid":{"rendered":"https:\/\/www.geoperito.com.br\/geoperito\/ead\/?post_type=product&#038;p=7632"},"modified":"2024-10-02T11:43:17","modified_gmt":"2024-10-02T14:43:17","slug":"quem-e-o-perito","status":"publish","type":"product","link":"https:\/\/www.geoperito.com.br\/geoperito\/ead\/produto\/quem-e-o-perito\/","title":{"rendered":"Quem \u00e9 o perito? Requeisitos; Seu trabalho; Todos podem ser peritos?; \u00d3rg\u00e3o de classe; Os processos judiciais ; O perito judicial; Nomea\u00e7\u00e3o e v\u00ednculo; Processo; Princ\u00edpios processuais; As fases do processo; Requisitos para uma boa per\u00edcia; Como ser perito nos tribunais?; A vis\u00e3o do magistrado &#8211; Juiz; Nos Tribunais &#8211; Varas Onde \u00e9 poss\u00edvel atuar? Habilita\u00e7\u00e3o na justi\u00e7a estadual; Estrutura do judici\u00e1rio; Em que inst\u00e2ncia atuam os peritos; Norma do perito, Normas e procedimentos gerais; Gloss\u00e1rio Termos importantes para o perito."},"content":{"rendered":"<h1><strong>Quem \u00e9 o perito?<\/strong><\/h1>\n<h5 style=\"text-align: justify;\"><img fetchpriority=\"high\" decoding=\"async\" class=\"wp-image-2577 alignright\" src=\"https:\/\/www.geoperito.com.br\/geoperito\/ead\/wp-content\/uploads\/2019\/11\/Pastel-Vintage-Bike-Facebook-Cover-300x114.png\" alt=\"\" width=\"477\" height=\"181\" srcset=\"https:\/\/www.geoperito.com.br\/geoperito\/ead\/wp-content\/uploads\/2019\/11\/Pastel-Vintage-Bike-Facebook-Cover-300x114.png 300w, https:\/\/www.geoperito.com.br\/geoperito\/ead\/wp-content\/uploads\/2019\/11\/Pastel-Vintage-Bike-Facebook-Cover-768x292.png 768w, https:\/\/www.geoperito.com.br\/geoperito\/ead\/wp-content\/uploads\/2019\/11\/Pastel-Vintage-Bike-Facebook-Cover-520x198.png 520w, https:\/\/www.geoperito.com.br\/geoperito\/ead\/wp-content\/uploads\/2019\/11\/Pastel-Vintage-Bike-Facebook-Cover-740x282.png 740w, https:\/\/www.geoperito.com.br\/geoperito\/ead\/wp-content\/uploads\/2019\/11\/Pastel-Vintage-Bike-Facebook-Cover.png 820w\" sizes=\"(max-width: 477px) 100vw, 477px\" \/><\/h5>\n<p style=\"text-align: justify;\"><span style=\"font-size: 12pt;\">Com a crescente demanda nos processos judiciais, tem-se aumentado o mercado de per\u00edcia e assist\u00eancia t\u00e9cnica, assim, qualquer pessoa com curso superior est\u00e1 habilitada a exercer a per\u00edcia t\u00e9cnica, desde que domine o assunto abordado na lide do processo . Este\u00a0 curso tem como objetivo demonstrar qual \u00e9 a realidade do perito e o seus desafios no mercado de trabalho, destacando que o mesmo trabalha interdisciplinarmente, com profissionais de \u00e1reas distintas, e faz o uso de t\u00e9cnicas de precis\u00e3o, percep\u00e7\u00e3o e, acima de tudo, dilig\u00eancia para se chegar \u00e0 excel\u00eancia no laudo t\u00e9cnico.<\/span><\/p>\n<p><span style=\"font-size: 12pt;\">Resumo<\/span><\/p>\n<p style=\"text-align: justify;\"><span style=\"font-size: 12pt;\">Trata-se de um aprendizado de alta peculiaridade \u00e0 realidade atual. Partindo deste pressuposto, o programa apresenta uma vis\u00e3o legal e procedimental acerca de tais processos, trazendo o que h\u00e1 de mais certo e consolidado no que se refere a defini\u00e7\u00f5es, atividades e a\u00e7\u00f5es ligadas ao tema.<\/span><\/p>\n<p><span style=\"font-size: 12pt;\">Objetivos<\/span><\/p>\n<p style=\"text-align: justify;\"><span style=\"font-size: 12pt;\">Fornecer conhecimento sobre o mercado de per\u00edcias judicias e extrajudiciais para o profissional de ci\u00eancias ambientais.Tamb\u00e9m \u00e9 objetivo deste curso proporcionar ao estudante crescimento e sucesso profissional por meio de sua prepara\u00e7\u00e3o e de seu conhecimento t\u00e9cnico direcionando o estudante sobre o caminho correto na inser\u00e7\u00e3o deste mercado pouco difundido.<\/span><\/p>\n<p><span style=\"font-size: 12pt;\">Roteiro especial abordando tudo sobre:<\/span><\/p>\n<p><span style=\"font-size: 12pt;\"><em><strong>Ementa: Formato texto e \u00e1udio.<\/strong><\/em><\/span><\/p>\n<p><span style=\"font-size: 12pt;\">Quem \u00e9 o perito?<\/span><\/p>\n<p><span style=\"font-size: 12pt;\">Requeisitos;<img decoding=\"async\" class=\"size-medium wp-image-17659 alignright\" src=\"https:\/\/www.geoperito.com.br\/geoperito\/ead\/wp-content\/uploads\/2024\/05\/29-de-Maio-Geografo-300x300.png\" alt=\"\" width=\"300\" height=\"300\" \/><\/span><br \/>\n<span style=\"font-size: 12pt;\">Seu trabalho;<\/span><br \/>\n<span style=\"font-size: 12pt;\">Todos podem ser peritos?;<\/span><br \/>\n<span style=\"font-size: 12pt;\">\u00d3rg\u00e3o de classe;<\/span><br \/>\n<span style=\"font-size: 12pt;\">Os processos judiciais ;<\/span><br \/>\n<span style=\"font-size: 12pt;\">O perito judicial;<\/span><br \/>\n<span style=\"font-size: 12pt;\">Nomea\u00e7\u00e3o e v\u00ednculo;<\/span><br \/>\n<span style=\"font-size: 12pt;\">Processo;<\/span><br \/>\n<span style=\"font-size: 12pt;\">Princ\u00edpios processuais;<\/span><br \/>\n<span style=\"font-size: 12pt;\">As fases do processo;<\/span><br \/>\n<span style=\"font-size: 12pt;\">Requisitos para uma boa per\u00edcia;<\/span><br \/>\n<span style=\"font-size: 12pt;\">Como ser perito nos tribunais?;<\/span><br \/>\n<span style=\"font-size: 12pt;\">A vis\u00e3o do magistrado &#8211; Juiz;<\/span><br \/>\n<span style=\"font-size: 12pt;\">Nos Tribunais &#8211; Varas<\/span><br \/>\n<span style=\"font-size: 12pt;\">Onde \u00e9 poss\u00edvel atuar?<\/span><br \/>\n<span style=\"font-size: 12pt;\">Habilita\u00e7\u00e3o na justi\u00e7a estadual;<\/span><br \/>\n<span style=\"font-size: 12pt;\">Estrutura do judici\u00e1rio;<\/span><br \/>\n<span style=\"font-size: 12pt;\">Em que inst\u00e2ncia atuam os peritos;<\/span><br \/>\n<span style=\"font-size: 12pt;\">Norma do perito,<\/span><br \/>\n<span style=\"font-size: 12pt;\">Normas e procedimentos gerais;<\/span><br \/>\n<span style=\"font-size: 12pt;\">Gloss\u00e1rio<\/span><br \/>\n<span style=\"font-size: 12pt;\">Termos importantes para o perito.<\/span><\/p>\n<p><strong><span style=\"font-size: 12pt;\">Oportunidades de trabalho<\/span><\/strong><\/p>\n<p style=\"text-align: justify;\"><span style=\"font-size: 12pt;\">O curso \u00e9 indicado profissionais de diversas \u00e1reas como engenheiros, bi\u00f3logos, gestores ambientais, ec\u00f3logos, arquitetos, ge\u00f3grafos, agr\u00f4nomos, etc. O mercado de trabalho para profissionais peritos que atuar\u00e3o na produ\u00e7\u00e3o de laudos e pareceres t\u00e9cnicos \u00e9 promissor. A demanda por tais servi\u00e7os aumenta diariamente a curto e m\u00e9dio prazos, principalmente pela retomada da recupera\u00e7\u00e3o econ\u00f4mica brasileira. Assim, a produ\u00e7\u00e3o de laudos e pareceres, seja por interm\u00e9dio de per\u00edcia ambiental ou atrav\u00e9s de consultoria, por exemplo, trata-se de uma \u00f3tima fonte de trabalho tanto a profissionais empregados quanto a profissionais aut\u00f4nomos.<\/span><\/p>\n<p><a href=\"https:\/\/www.geoperito.com.br\/geoperito\/ead\/quem-sou\/\" target=\"_blank\" rel=\"noopener\"><img decoding=\"async\" class=\"alignnone wp-image-5045 size-medium\" src=\"https:\/\/www.geoperito.com.br\/geoperito\/ead\/wp-content\/uploads\/2020\/06\/geoperito-2-300x240.png\" alt=\"\" width=\"300\" height=\"240\" \/><\/a><\/p>\n<h5><b>Geoperito &#8211; Solu\u00e7\u00f5es Ambientais<\/b><br \/>\n<a title=\"Link: http:\/\/www.geoperito.com.br\/\" href=\"http:\/\/www.geoperito.com.br\/\" target=\"\" rel=\"noopener noreferrer\">www.geoperito.com.br<\/a><br \/>\n<a title=\"Link: https:\/\/www.geoperito.com.br\/ead\/\" href=\"http:\/\/www.geoperito.com.br\/geoperito\/ead\/\" target=\"\" rel=\"noopener noreferrer\">www.geoperito.com.br\/geoperito\/ead\/<\/a><br \/>\nEmail: geoperito1@geoperito.com.br<br \/>\nContato: (31) 993369149<\/h5>\n<p>&nbsp;<\/p>\n","protected":false},"excerpt":{"rendered":"<h1 style=\"text-align: center;\"><strong><span style=\"color: #000000;\"><img loading=\"lazy\" decoding=\"async\" class=\" wp-image-15113 alignright\" src=\"https:\/\/www.geoperito.com.br\/geoperito\/ead\/wp-content\/uploads\/2023\/09\/WhatsApp-Image-2023-08-25-at-15.22.25-300x225.jpeg\" alt=\"\" width=\"356\" height=\"267\" \/>Curso Orienta\u00e7\u00e3o profissional<\/span><\/strong><\/h1>\n<h5 style=\"text-align: center;\">Com a crescente demanda nos processos judiciais, tem-se aumentado o mercado de per\u00edcia e assist\u00eancia t\u00e9cnica, assim, qualquer pessoa com curso superior est\u00e1 habilitada a exercer a per\u00edcia t\u00e9cnica, desde que domine o assunto abordado na lide do processo . Este\u00a0 curso tem como objetivo demonstrar qual \u00e9 a realidade do perito e o seus desafios no mercado de trabalho, destacando que o mesmo trabalha interdisciplinarmente, com profissionais de \u00e1reas distintas, e faz o uso de t\u00e9cnicas de precis\u00e3o, percep\u00e7\u00e3o e, acima de tudo, dilig\u00eancia para se chegar \u00e0 excel\u00eancia no laudo t\u00e9cnico.<\/h5>\n","protected":false},"featured_media":2095,"template":"","meta":[],"product_brand":[],"product_cat":[15],"product_tag":[],"class_list":{"0":"post-7632","1":"product","2":"type-product","3":"status-publish","4":"has-post-thumbnail","6":"product_cat-curso-de-pericia","8":"first","9":"instock","10":"featured","11":"product-type-external"},"_links":{"self":[{"href":"https:\/\/www.geoperito.com.br\/geoperito\/ead\/wp-json\/wp\/v2\/product\/7632","targetHints":{"allow":["GET"]}}],"collection":[{"href":"https:\/\/www.geoperito.com.br\/geoperito\/ead\/wp-json\/wp\/v2\/product"}],"about":[{"href":"https:\/\/www.geoperito.com.br\/geoperito\/ead\/wp-json\/wp\/v2\/types\/product"}],"version-history":[{"count":0,"href":"https:\/\/www.geoperito.com.br\/geoperito\/ead\/wp-json\/wp\/v2\/product\/7632\/revisions"}],"wp:featuredmedia":[{"embeddable":true,"href":"https:\/\/www.geoperito.com.br\/geoperito\/ead\/wp-json\/wp\/v2\/media\/2095"}],"wp:attachment":[{"href":"https:\/\/www.geoperito.com.br\/geoperito\/ead\/wp-json\/wp\/v2\/media?parent=7632"}],"wp:term":[{"taxonomy":"product_brand","embeddable":true,"href":"https:\/\/www.geoperito.com.br\/geoperito\/ead\/wp-json\/wp\/v2\/product_brand?post=7632"},{"taxonomy":"product_cat","embeddable":true,"href":"https:\/\/www.geoperito.com.br\/geoperito\/ead\/wp-json\/wp\/v2\/product_cat?post=7632"},{"taxonomy":"product_tag","embeddable":true,"href":"https:\/\/www.geoperito.com.br\/geoperito\/ead\/wp-json\/wp\/v2\/product_tag?post=7632"}],"curies":[{"name":"wp","href":"https:\/\/api.w.org\/{rel}","templated":true}]}}