{"id":12898,"date":"2022-09-20T15:14:21","date_gmt":"2022-09-20T18:14:21","guid":{"rendered":"https:\/\/www.geoperito.com.br\/geoperito\/ead\/?post_type=product&#038;p=12898"},"modified":"2024-08-02T00:15:51","modified_gmt":"2024-08-02T03:15:51","slug":"quem-e-o-geografo","status":"publish","type":"product","link":"https:\/\/www.geoperito.com.br\/geoperito\/ead\/produto\/quem-e-o-geografo\/","title":{"rendered":"Quem \u00e9 o Ge\u00f3grafo? O ge\u00f3grafo \u00e9 o cientista que tem o papel de descobrir, descrever e explicar como se d\u00e1 a rela\u00e7\u00e3o da sociedade com a natureza, a distribui\u00e7\u00e3o dos fen\u00f4menos f\u00edsicos e sociais na superf\u00edcie terrestre, as formas de espacializa\u00e7\u00e3o da sociedade, como se origina e se disp\u00f5e os arranjos espaciais e como a sociedade se movimenta no espa\u00e7o."},"content":{"rendered":"<h1 style=\"font-weight: 400; text-align: left;\"><strong>\u00a0 Quem \u00e9 o Ge\u00f3grafo?<\/strong><\/h1>\n<p><img fetchpriority=\"high\" decoding=\"async\" class=\" wp-image-18102 alignleft\" src=\"https:\/\/www.geoperito.com.br\/geoperito\/ead\/wp-content\/uploads\/2022\/09\/eu-300x298.png\" alt=\"\" width=\"382\" height=\"379\" srcset=\"https:\/\/www.geoperito.com.br\/geoperito\/ead\/wp-content\/uploads\/2022\/09\/eu-300x298.png 300w, https:\/\/www.geoperito.com.br\/geoperito\/ead\/wp-content\/uploads\/2022\/09\/eu-150x150.png 150w, https:\/\/www.geoperito.com.br\/geoperito\/ead\/wp-content\/uploads\/2022\/09\/eu-520x517.png 520w, https:\/\/www.geoperito.com.br\/geoperito\/ead\/wp-content\/uploads\/2022\/09\/eu-100x100.png 100w, https:\/\/www.geoperito.com.br\/geoperito\/ead\/wp-content\/uploads\/2022\/09\/eu.png 648w\" sizes=\"(max-width: 382px) 100vw, 382px\" \/><\/p>\n<p style=\"font-weight: 400; text-align: justify;\">O ge\u00f3grafo \u00e9 o cientista que tem o papel de descobrir, descrever e explicar como se d\u00e1 a rela\u00e7\u00e3o da sociedade com a natureza, a distribui\u00e7\u00e3o dos fen\u00f4menos f\u00edsicos e sociais na superf\u00edcie terrestre, as formas de espacializa\u00e7\u00e3o da sociedade, como se origina e se disp\u00f5e os arranjos espaciais e como a sociedade se movimenta no espa\u00e7o. Para isto, este profissional utiliza v\u00e1rias t\u00e9cnicas que acompanham o desenvolvimento tecnol\u00f3gico da sociedade.<\/p>\n<p style=\"font-weight: 400; text-align: justify;\">\u00a0 \u00a0\u00a0Na geografia h\u00e1 dois grandes ramos, a Geografia F\u00edsica, que estuda a perspectiva da natureza na rela\u00e7\u00e3o sociedade e natureza, como os fen\u00f4menos naturais influenciam os sociais, a distribui\u00e7\u00e3o dos fen\u00f4menos f\u00edsicos e naturais na superf\u00edcie terrestre, como a natureza se comporta com os diversos impactos ocasionados pelas rela\u00e7\u00f5es sociais e a paisagem natural. A geografia Humana estuda a perspectiva da sociedade na rela\u00e7\u00e3o sociedade e natureza, como os fen\u00f4menos sociais influenciam os f\u00edsicos, a distribu\u00eddos dos fen\u00f4menos sociais na superf\u00edcie terrestre, como a sociedade se movimenta no espa\u00e7o, como se d\u00e1 din\u00e2mica de espacializa\u00e7\u00e3o (&#8220;fixa\u00e7\u00e3o&#8221;) da sociedade, e a paisagem humanizada. V\u00e1rios ramos e disciplinas d\u00e3o suporte \u00e1 estes estudos geogr\u00e1ficos, sendo a mais importante destas disciplinas, a Cartografia, que estuda as formas de representa\u00e7\u00e3o gr\u00e1fica do espa\u00e7o e da realidade em cartas, mapas e imagens.<\/p>\n<p style=\"font-weight: 400; text-align: justify;\">\u00a0\u00a0\u00a0\u00a0O ge\u00f3grafo \u00e9 o profissional que se preocupa com o estudo da organiza\u00e7\u00e3o da sociedade e sua rela\u00e7\u00e3o com a natureza, no sentido de conhec\u00ea-la melhor, tratando-a com uma vis\u00e3o preservacionista.<\/p>\n<p style=\"font-weight: 400; text-align: justify;\">\u00a0\u00a0\u00a0\u00a0O ge\u00f3grafo, atuando como aut\u00f4nomo ou na empresa p\u00fablica ou privada, elabora relat\u00f3rios, laudos, per\u00edcias, participa de licenciamentos ambientais, integra equipes multidisciplinares nos projetos s\u00f3cio-econ\u00f4micos urbanos e rurais e em projetos ambientais. Por exemplo: estuda os aspectos f\u00edsicos da Terra, analisa dados sociais e econ\u00f4micos de uma popula\u00e7\u00e3o, estuda os ecossistemas, busca prevenir impactos ambientais ao levantar informa\u00e7\u00f5es sobre solo, relevo, recursos h\u00eddricos, vegeta\u00e7\u00e3o, clima, entre outros. Pode tamb\u00e9m atuar como professor nas escolas de ensinos Fundamental e M\u00e9dio.<\/p>\n<p style=\"font-weight: 400; text-align: justify;\">\u00a0\u00a0\u00a0\u00a0A lei que regulamentou a profiss\u00e3o do Ge\u00f3grafo, \u00e9 a lei 6.664 de 26 de junho de 1979 e tamb\u00e9m a lei 3.194.\u00a0Segundo o CREA, a palavra ge\u00f3grafo designa todos os profissionais que cursaram o Bacharelado em Geografia.No entanto, ao longo dos anos, uma s\u00e9rie de entidades \u2013 sejam estudantis, sejam profissionais \u2013 v\u00eam contestando isso.\u00a0A Coneeg (Confedera\u00e7\u00e3o Nacional das Entidades de Estudantes de Geografia) e a AGB (Associa\u00e7\u00e3o dos Ge\u00f3grafos do Brasil) consideram como sendo ge\u00f3grafos todos os que, tendo sido formados em Geografia e atuam na \u00e1rea. Portanto, licenciados ou bachar\u00e9is s\u00e3o ge\u00f3grafos. N\u00e3o h\u00e1 pesquisa em geografia sem a aplica\u00e7\u00e3o da mesma, inclusive atrav\u00e9s da doc\u00eancia. N\u00e3o existe ensino da geografia sem que ocorra uma pesquisa aprofundada para que o seu ensino se d\u00ea de forma cr\u00edtica, laica e enriquecedora.<img decoding=\"async\" class=\"wp-image-18123  alignright\" src=\"https:\/\/www.geoperito.com.br\/geoperito\/ead\/wp-content\/uploads\/2024\/08\/capa-300x251.png\" alt=\"\" width=\"446\" height=\"373\" \/><\/p>\n<p style=\"font-weight: 400; text-align: justify;\">&#8211; Os profissionais da Geografia, enquanto bachar\u00e9is, s\u00e3o regulamentados pelo Sistema CONFEA\/CREA. O ge\u00f3grafo, portador do bacharelado, dever\u00e1 se inscrever no CREA.<\/p>\n<p style=\"font-weight: 400; text-align: justify;\">&#8211; Os profissionaiss da Geografia, enquanto licenciados, s\u00e3o regulamentados pelo Minist\u00e9rio da Educa\u00e7\u00e3o e Cultura \u2013 MEC. O ge\u00f3grafo, portador da licenciatura, dever\u00e1 se inscrever na Coordenadoria de Ensino do MEC para poder exercer o magist\u00e9rio.<\/p>\n<p style=\"font-weight: 400; text-align: justify;\">\u00a0\u00a0\u00a0\u00a0O CREA engloba tamb\u00e9m engenheiros, agr\u00f4nomos, arquitetos, tecnol\u00f3gicos, ge\u00f3logos, meteorologistas e agrimensores e t\u00e9cnicos de Ensino M\u00e9dio de \u00e1reas afins. O Conselho a n\u00edvel federal chama-se Conselho Federal de Engenharia, Arquitetura e Agronomia, o CONFEA, que junto com os Conselhos Regionais dos diversos estados, formam o que denominamos de Sistema CONFEA\/CREA.<\/p>\n<p style=\"font-weight: 400; text-align: justify;\">\u00a0\u00a0\u00a0\u00a0O ge\u00f3frafo \u00e9 um profissional que estudam geografia, independente de serem bachar\u00e9is ou licenciados. Essa distin\u00e7\u00e3o profissional entre um Ge\u00f3grafo e um Professor de Geografia para n\u00f3s n\u00e3o existe, todos aqueles que estudam e produzem geografia s\u00e3o ge\u00f3grafos. Mas em termos de mercado de trabalho essa distin\u00e7\u00e3o \u00e9 importante, pois s\u00f3 um bacharel \u00e9 habilitado \u00e1 emitir de pareceres t\u00e9cnicos, desde que regularmente associado ao CREA, assim como para a elabora\u00e7\u00e3o de EIA\/RIMA (estudo pr\u00e9vio de impacto ambiental e relat\u00f3rio de impacto ambiental), podendo tamb\u00e9m prestar concursos p\u00fablicos para quadros estatais que precisem de bacharelados. E s\u00f3 um licenciado em Geografia, pode exercer legalmente e exclusivamente as fun\u00e7\u00f5es de doc\u00eancia, do 6\u00ba ano ao 9\u00ba ano do Ensino Fundamental e Ensino M\u00e9dio, de modo que um bacharel n\u00e3o pode realizar esta atividade. Para lecionar no Ensino Superior, tanto para o bacharel quanto para o licenciado, o requisito \u00e9 um curso de mestrado, n\u00e3o essencialmente na \u00e1rea de Geografia, mas nas \u00e1reas afins.<img decoding=\"async\" class=\"aligncenter wp-image-18122 size-full\" src=\"https:\/\/www.geoperito.com.br\/geoperito\/ead\/wp-content\/uploads\/2024\/08\/portfolio.png\" alt=\"\" width=\"800\" height=\"800\" \/><\/p>\n<audio class=\"wp-audio-shortcode\" id=\"audio-12898-1\" autoplay preload=\"none\" style=\"width: 100%;\" controls=\"controls\"><source type=\"audio\/mpeg\" src=\"https:\/\/www.geoperito.com.br\/geoperito\/ead\/wp-content\/uploads\/2022\/09\/Quem-e-o-Geografo.mp3?_=1\" \/><a href=\"https:\/\/www.geoperito.com.br\/geoperito\/ead\/wp-content\/uploads\/2022\/09\/Quem-e-o-Geografo.mp3\">https:\/\/www.geoperito.com.br\/geoperito\/ead\/wp-content\/uploads\/2022\/09\/Quem-e-o-Geografo.mp3<\/a><\/audio>\n<p style=\"font-weight: 400; text-align: center;\">\u00a0\u00a0 <strong>\u00a0No dia 29 de maio \u00e9 comemorado o dia do ge\u00f3grafo.<\/strong><\/p>\n<p>&nbsp;<\/p>\n","protected":false},"excerpt":{"rendered":"[embed]https:\/\/www.youtube.com\/watch?v=ujcTwlfYfVM&#038;t=35s[\/embed]\n","protected":false},"featured_media":18102,"template":"","meta":[],"product_brand":[],"product_cat":[15],"product_tag":[],"class_list":{"0":"post-12898","1":"product","2":"type-product","3":"status-publish","4":"has-post-thumbnail","6":"product_cat-curso-de-pericia","8":"first","9":"instock","10":"shipping-taxable","11":"product-type-external"},"_links":{"self":[{"href":"https:\/\/www.geoperito.com.br\/geoperito\/ead\/wp-json\/wp\/v2\/product\/12898","targetHints":{"allow":["GET"]}}],"collection":[{"href":"https:\/\/www.geoperito.com.br\/geoperito\/ead\/wp-json\/wp\/v2\/product"}],"about":[{"href":"https:\/\/www.geoperito.com.br\/geoperito\/ead\/wp-json\/wp\/v2\/types\/product"}],"version-history":[{"count":0,"href":"https:\/\/www.geoperito.com.br\/geoperito\/ead\/wp-json\/wp\/v2\/product\/12898\/revisions"}],"wp:featuredmedia":[{"embeddable":true,"href":"https:\/\/www.geoperito.com.br\/geoperito\/ead\/wp-json\/wp\/v2\/media\/18102"}],"wp:attachment":[{"href":"https:\/\/www.geoperito.com.br\/geoperito\/ead\/wp-json\/wp\/v2\/media?parent=12898"}],"wp:term":[{"taxonomy":"product_brand","embeddable":true,"href":"https:\/\/www.geoperito.com.br\/geoperito\/ead\/wp-json\/wp\/v2\/product_brand?post=12898"},{"taxonomy":"product_cat","embeddable":true,"href":"https:\/\/www.geoperito.com.br\/geoperito\/ead\/wp-json\/wp\/v2\/product_cat?post=12898"},{"taxonomy":"product_tag","embeddable":true,"href":"https:\/\/www.geoperito.com.br\/geoperito\/ead\/wp-json\/wp\/v2\/product_tag?post=12898"}],"curies":[{"name":"wp","href":"https:\/\/api.w.org\/{rel}","templated":true}]}}