{"id":1595,"date":"2019-06-02T01:13:55","date_gmt":"2019-06-02T04:13:55","guid":{"rendered":"https:\/\/www.geoperito.com.br\/geoperito\/ead\/?page_id=1595"},"modified":"2026-04-20T02:50:31","modified_gmt":"2026-04-20T05:50:31","slug":"subindo-a-montanha-2","status":"publish","type":"page","link":"https:\/\/www.geoperito.com.br\/geoperito\/ead\/subindo-a-montanha-2\/","title":{"rendered":"SUBINDO A MONTANHA"},"content":{"rendered":"\t\t<div data-elementor-type=\"wp-post\" data-elementor-id=\"1595\" class=\"elementor elementor-1595\">\n\t\t\t\t\t\t<section class=\"elementor-section elementor-top-section elementor-element elementor-element-7f03ef29 elementor-section-boxed elementor-section-height-default elementor-section-height-default exad-glass-effect-no exad-sticky-section-no\" data-id=\"7f03ef29\" data-element_type=\"section\" data-e-type=\"section\">\n\t\t\t\t\t\t<div class=\"elementor-container elementor-column-gap-default\">\n\t\t\t\t\t<div class=\"elementor-column elementor-col-100 elementor-top-column elementor-element elementor-element-5920a3b exad-glass-effect-no exad-sticky-section-no\" data-id=\"5920a3b\" data-element_type=\"column\" data-e-type=\"column\">\n\t\t\t<div class=\"elementor-widget-wrap elementor-element-populated\">\n\t\t\t\t\t\t<div class=\"elementor-element elementor-element-54c1ee9a exad-sticky-section-no exad-glass-effect-no elementor-widget elementor-widget-text-editor\" data-id=\"54c1ee9a\" data-element_type=\"widget\" data-e-type=\"widget\" data-widget_type=\"text-editor.default\">\n\t\t\t\t<div class=\"elementor-widget-container\">\n\t\t\t\t\t\t\t\t\t<p>\u00a0<\/p><p style=\"text-align: justify;\"><span style=\"color: #000000;\"><img fetchpriority=\"high\" decoding=\"async\" class=\"aligncenter wp-image-19879 size-full\" src=\"https:\/\/www.geoperito.com.br\/geoperito\/ead\/wp-content\/uploads\/2026\/01\/banner.png\" alt=\"\" width=\"960\" height=\"168\" srcset=\"https:\/\/www.geoperito.com.br\/geoperito\/ead\/wp-content\/uploads\/2026\/01\/banner.png 960w, https:\/\/www.geoperito.com.br\/geoperito\/ead\/wp-content\/uploads\/2026\/01\/banner-300x53.png 300w, https:\/\/www.geoperito.com.br\/geoperito\/ead\/wp-content\/uploads\/2026\/01\/banner-768x134.png 768w, https:\/\/www.geoperito.com.br\/geoperito\/ead\/wp-content\/uploads\/2026\/01\/banner-520x91.png 520w, https:\/\/www.geoperito.com.br\/geoperito\/ead\/wp-content\/uploads\/2026\/01\/banner-740x130.png 740w\" sizes=\"(max-width: 960px) 100vw, 960px\" \/>\u00c9 inspirado em algumas fases que eu passei e continuo passando da minha carreira profissional como ge\u00f3grafo, altos e baixos e sempre desafiadora, por isso, gostaria de fazer algo diferente e resolvi contar a minha jornada.Dedico esse site aos meus\u00a0\u00a0colegas de trabalho, estudantes do curso de geografia, peritos, analistas ambientais, metereologistas, professores, cart\u00f3grafos e todos que atuam na \u00e1rea de educa\u00e7\u00e3o e ci\u00eancias ambientais. Lute pelos seus sonhos, desistir nunca, render-se jamais, acredite no imposs\u00edvel e fa\u00e7a a sua parte. Neste pequeno espa\u00e7o deixo a minha inspira\u00e7\u00e3o falar mais alto e come\u00e7o a escrever a minha jornada para o &#8220;Topo da Montanha&#8221;, portanto, &#8220;nasce em meu cora\u00e7\u00e3o Geoperito&#8221;.\u00a0\u00a0<\/span><\/p><p><span style=\"color: #000000;\"><img decoding=\"async\" class=\"alignleft wp-image-3591\" src=\"https:\/\/www.geoperito.com.br\/geoperito\/ead\/wp-content\/uploads\/2020\/02\/survivor2-300x230.png\" alt=\"\" width=\"900\" height=\"691\" srcset=\"https:\/\/www.geoperito.com.br\/geoperito\/ead\/wp-content\/uploads\/2020\/02\/survivor2-300x230.png 300w, https:\/\/www.geoperito.com.br\/geoperito\/ead\/wp-content\/uploads\/2020\/02\/survivor2-520x399.png 520w, https:\/\/www.geoperito.com.br\/geoperito\/ead\/wp-content\/uploads\/2020\/02\/survivor2.png 667w\" sizes=\"(max-width: 900px) 100vw, 900px\" \/><\/span><\/p><p style=\"text-align: justify;\"><span style=\"color: #000000;\">Geoperito\u00a0\u00e9 um site pessoal, aqui voc\u00ea ir\u00e1 encontrar assuntos relacionados com a \u00e1rea de geografia, per\u00edcia ambiental, geotecnlogias dentre\u00a0outras \u00e1reas correlacioandas com as ci\u00eancias ambientais, essa iniciativa nasceu\u00a0atrav\u00e9s de experi\u00eancias pessoais e de\u00a0um trabalho\u00a0volunt\u00e1rio onde conheci algumas pessoas que de alguma maneira inspiraram-me a criar esse\u00a0mundo digital e relatar\u00a0a minha trajet\u00f3ria\u00a0profissional, parte deste cont\u00e9udo est\u00e1 sendo\u00a0registrado dia ap\u00f3s dia atrav\u00e9s\u00a0de esfor\u00e7o pessoal em estudos, projetos, pesquisas e\u00a0\u00a0servi\u00e7os.\u00a0O campo do ge\u00f3grafo \u00e9 muito extenso e pouco difundido, assim, resolvi relatar tudo que acho pertinente e ao mesmo tempo \u00fatil\u00a0\u00a0para aqueles profissionais que desejam exercer a profiss\u00e3o.\u00a0<\/span><\/p><h1 style=\"text-align: center;\"><span style=\"color: #000000;\"><strong>GEOPERITO PROP\u00d3SITO DEFINIDO<\/strong><strong>\u00a0<\/strong><\/span><\/h1><p><img decoding=\"async\" class=\"aligncenter wp-image-15711 size-full\" src=\"https:\/\/www.geoperito.com.br\/geoperito\/ead\/wp-content\/uploads\/2023\/09\/mosaic.png\" alt=\"\" width=\"1080\" height=\"1080\" srcset=\"https:\/\/www.geoperito.com.br\/geoperito\/ead\/wp-content\/uploads\/2023\/09\/mosaic.png 1080w, https:\/\/www.geoperito.com.br\/geoperito\/ead\/wp-content\/uploads\/2023\/09\/mosaic-300x300.png 300w, https:\/\/www.geoperito.com.br\/geoperito\/ead\/wp-content\/uploads\/2023\/09\/mosaic-1024x1024.png 1024w, https:\/\/www.geoperito.com.br\/geoperito\/ead\/wp-content\/uploads\/2023\/09\/mosaic-150x150.png 150w, https:\/\/www.geoperito.com.br\/geoperito\/ead\/wp-content\/uploads\/2023\/09\/mosaic-768x768.png 768w, https:\/\/www.geoperito.com.br\/geoperito\/ead\/wp-content\/uploads\/2023\/09\/mosaic-520x520.png 520w, https:\/\/www.geoperito.com.br\/geoperito\/ead\/wp-content\/uploads\/2023\/09\/mosaic-740x740.png 740w, https:\/\/www.geoperito.com.br\/geoperito\/ead\/wp-content\/uploads\/2023\/09\/mosaic-100x100.png 100w\" sizes=\"(max-width: 1080px) 100vw, 1080px\" \/><\/p><audio class=\"wp-audio-shortcode\" id=\"audio-1595-1\" autoplay preload=\"none\" style=\"width: 100%;\" controls=\"controls\"><source type=\"audio\/mpeg\" src=\"https:\/\/www.geoperito.com.br\/geoperito\/ead\/wp-content\/uploads\/2021\/08\/meu-audio.mp3?_=1\" \/><a href=\"https:\/\/www.geoperito.com.br\/geoperito\/ead\/wp-content\/uploads\/2021\/08\/meu-audio.mp3\">https:\/\/www.geoperito.com.br\/geoperito\/ead\/wp-content\/uploads\/2021\/08\/meu-audio.mp3<\/a><\/audio><p style=\"text-align: center;\"><span style=\"color: #000000;\">Algu\u00e9m tem que fazer algo diferente, ent\u00e3o vamo pra cima do desconhecido, mas com foco e objetivo para o &#8220;<strong>Topo da Montanha<\/strong>&#8220;, eis ai a minha jornada!<\/span><\/p><p style=\"text-align: justify;\"><span style=\"color: #000000;\">Em meados de 2008 ao finalizar o curso de Bacharel \/ Licenciatura em Geografia,\u00a0 comecei a idealizar em meu cora\u00e7\u00e3o alguns projetos, um deles era criar algo novo e diferente eu queria\u00a0 fazer descobertas atrav\u00e9s da pesquisa cient\u00edfica e compreender alguns fen\u00f4menos naturais e outros que surgem nas \u00e1reas urbanas, enfim,\u00a0 tudo que fosse pertinente a \u00e1rea da geografia, em seguida, produzir e publicar um livro referente a nossa categoria, ou seja, algum tema dentro das ci\u00eancias ambientais\u00a0 que reverencie a profiss\u00e3o do ge\u00f3grafo no Brasil, nesta obra relatarei assuntos t\u00e9cnicos e a minha jornada profissional para conseguir chegar ao &#8220;<strong>Topo da Montanha<\/strong>&#8220;, sendo assim, eu batizei esse projeto e mesmo distante dele comecei a execut\u00e1-lo.\u00a0<\/span><\/p><figure class=\"wp-block-image\"><figcaption><p style=\"text-align: justify;\"><span style=\"color: #000000;\"><em><strong><img loading=\"lazy\" decoding=\"async\" class=\"wp-image-8507 alignright\" src=\"https:\/\/www.geoperito.com.br\/geoperito\/ead\/wp-content\/uploads\/2021\/02\/ief-300x225.jpg\" alt=\"\" width=\"290\" height=\"218\" \/>Eu sei quem sou , sei pra onde vou, sei de onde vim,\u00a0 e sei quem \u00e9 que me colocou,\u00a0<\/strong><strong>Jesus \u00e9 o jardineiro e as \u00e1rvores somos n\u00f3s, ao som da sua voz, minha alma floresce, f<\/strong><strong>rutos nascem, flores crescem, \u00a0Ele entrou na minha casa, ele entrou na minha vida, c<\/strong><strong>uidou de cada folha, cuidou de cada galho, fez em terra seca germinar copa bonita, e<\/strong><strong>u sou a semente que n\u00e3o secou no sol , sou a semente que o p\u00e1ssaro n\u00e3o devorou, s<\/strong><strong>ou a semente que o espinho n\u00e3o sufocou , Eu sou a \u00e1rvore de bons frutos\u00a0<\/strong><strong>e foi Deus quem me Plantou. <\/strong><\/em><em><strong>\u00a0 \u00a0 \u00a0Pregador Luo<\/strong><\/em><\/span><\/p><\/figcaption><\/figure>\t\t\t\t\t\t\t\t<\/div>\n\t\t\t\t<\/div>\n\t\t\t\t\t<\/div>\n\t\t<\/div>\n\t\t\t\t\t<\/div>\n\t\t<\/section>\n\t\t\t\t<section class=\"elementor-section elementor-top-section elementor-element elementor-element-e851fcd elementor-section-boxed elementor-section-height-default elementor-section-height-default exad-glass-effect-no exad-sticky-section-no\" data-id=\"e851fcd\" data-element_type=\"section\" data-e-type=\"section\">\n\t\t\t\t\t\t<div class=\"elementor-container elementor-column-gap-default\">\n\t\t\t\t\t<div class=\"elementor-column elementor-col-100 elementor-top-column elementor-element elementor-element-dda428d exad-glass-effect-no exad-sticky-section-no\" data-id=\"dda428d\" data-element_type=\"column\" data-e-type=\"column\">\n\t\t\t<div class=\"elementor-widget-wrap elementor-element-populated\">\n\t\t\t\t\t\t<div class=\"elementor-element elementor-element-18dc3a5 exad-sticky-section-no exad-glass-effect-no elementor-widget elementor-widget-video\" data-id=\"18dc3a5\" data-element_type=\"widget\" data-e-type=\"widget\" data-settings=\"{&quot;youtube_url&quot;:&quot;https:\\\/\\\/youtu.be\\\/TXPcTMO8cac&quot;,&quot;video_type&quot;:&quot;youtube&quot;,&quot;controls&quot;:&quot;yes&quot;}\" data-widget_type=\"video.default\">\n\t\t\t\t<div class=\"elementor-widget-container\">\n\t\t\t\t\t\t\t<div class=\"elementor-wrapper elementor-open-inline\">\n\t\t\t<div class=\"elementor-video\"><\/div>\t\t<\/div>\n\t\t\t\t\t\t<\/div>\n\t\t\t\t<\/div>\n\t\t\t\t\t<\/div>\n\t\t<\/div>\n\t\t\t\t\t<\/div>\n\t\t<\/section>\n\t\t\t\t<section class=\"elementor-section elementor-top-section elementor-element elementor-element-5792e80 elementor-section-boxed elementor-section-height-default elementor-section-height-default exad-glass-effect-no exad-sticky-section-no\" data-id=\"5792e80\" data-element_type=\"section\" data-e-type=\"section\">\n\t\t\t\t\t\t<div class=\"elementor-container elementor-column-gap-default\">\n\t\t\t\t\t<div class=\"elementor-column elementor-col-100 elementor-top-column elementor-element elementor-element-891fabd exad-glass-effect-no exad-sticky-section-no\" data-id=\"891fabd\" data-element_type=\"column\" data-e-type=\"column\">\n\t\t\t<div class=\"elementor-widget-wrap elementor-element-populated\">\n\t\t\t\t\t\t<div class=\"elementor-element elementor-element-ddc1980 exad-sticky-section-no exad-glass-effect-no elementor-widget elementor-widget-image\" data-id=\"ddc1980\" data-element_type=\"widget\" data-e-type=\"widget\" data-widget_type=\"image.default\">\n\t\t\t\t<div class=\"elementor-widget-container\">\n\t\t\t\t\t\t\t\t\t\t\t\t\t\t\t<img decoding=\"async\" src=\"https:\/\/www.geoperito.com.br\/geoperito\/ead\/wp-content\/uploads\/2021\/07\/1-MONTANHA.png\" title=\"\" alt=\"\" loading=\"lazy\" \/>\t\t\t\t\t\t\t\t\t\t\t\t\t\t\t<\/div>\n\t\t\t\t<\/div>\n\t\t\t\t\t<\/div>\n\t\t<\/div>\n\t\t\t\t\t<\/div>\n\t\t<\/section>\n\t\t\t\t<\/div>\n\t\t","protected":false},"excerpt":{"rendered":"<p>\u00a0 \u00c9 inspirado em algumas fases que eu passei e continuo passando da minha carreira profissional como ge\u00f3grafo, altos e baixos e sempre desafiadora, por isso, gostaria de fazer algo diferente e resolvi contar a<a class=\"read-more\" href=\"https:\/\/www.geoperito.com.br\/geoperito\/ead\/subindo-a-montanha-2\/\">Continue reading<\/a><\/p>\n","protected":false},"author":1,"featured_media":0,"parent":0,"menu_order":13,"comment_status":"closed","ping_status":"closed","template":"","meta":{"footnotes":""},"class_list":["post-1595","page","type-page","status-publish","hentry"],"_links":{"self":[{"href":"https:\/\/www.geoperito.com.br\/geoperito\/ead\/wp-json\/wp\/v2\/pages\/1595","targetHints":{"allow":["GET"]}}],"collection":[{"href":"https:\/\/www.geoperito.com.br\/geoperito\/ead\/wp-json\/wp\/v2\/pages"}],"about":[{"href":"https:\/\/www.geoperito.com.br\/geoperito\/ead\/wp-json\/wp\/v2\/types\/page"}],"author":[{"embeddable":true,"href":"https:\/\/www.geoperito.com.br\/geoperito\/ead\/wp-json\/wp\/v2\/users\/1"}],"replies":[{"embeddable":true,"href":"https:\/\/www.geoperito.com.br\/geoperito\/ead\/wp-json\/wp\/v2\/comments?post=1595"}],"version-history":[{"count":3,"href":"https:\/\/www.geoperito.com.br\/geoperito\/ead\/wp-json\/wp\/v2\/pages\/1595\/revisions"}],"predecessor-version":[{"id":20214,"href":"https:\/\/www.geoperito.com.br\/geoperito\/ead\/wp-json\/wp\/v2\/pages\/1595\/revisions\/20214"}],"wp:attachment":[{"href":"https:\/\/www.geoperito.com.br\/geoperito\/ead\/wp-json\/wp\/v2\/media?parent=1595"}],"curies":[{"name":"wp","href":"https:\/\/api.w.org\/{rel}","templated":true}]}}